{"version":"1.0","type":"rich","provider_name":"OberpfalzECHO","provider_url":"https:\/\/oberpfalzecho.de","title":"Anh\u00e4nger gestohlen","html":"<a href=\"https:\/\/oberpfalzecho.de\/blaulicht\/anhaenger-gestohlen-2\" class=\"embed-preview\"><img src=\"https:\/\/redaktion.oberpfalzecho.de\/wp-content\/uploads\/2022\/01\/DSC_3498-1024x6801-1.jpg\" alt=\"\"><div><strong>Anh\u00e4nger gestohlen<\/strong><p>Weiden. Ein Weidener parkte seinen Anh\u00e4nger samt Inhalt f\u00fcr kurze Zeit am Fahrbahnrand. Das lockte einen Dieb an. Am Samstag stellte ein Weidener (51) gegen 9 Uhr seinen Anh\u00e4nger mit [&hellip;]<\/p><\/div><\/a>","width":600,"height":338}