{"version":"1.0","type":"rich","provider_name":"OberpfalzECHO","provider_url":"https:\/\/oberpfalzecho.de","title":"Demo in N\u00fcrnberg wegen Weidener Maskengegnerin","html":"<a href=\"https:\/\/oberpfalzecho.de\/blaulicht\/demo-in-nuernberg-wegen-weidener-maskengegnerin\" class=\"embed-preview\"><img src=\"https:\/\/redaktion.oberpfalzecho.de\/wp-content\/uploads\/2022\/01\/police-4566193_1280.jpg\" alt=\"\"><div><strong>Demo in N\u00fcrnberg wegen Weidener Maskengegnerin<\/strong><p>Weiden. Sechs Tage ist eine Maskengegnerin aus Weiden in N\u00fcrnberg in Haft - gegen\u00fcber des Justizpalasts in N\u00fcrnberg wurde deshalb demonstriert. <\/p><\/div><\/a>","width":600,"height":338}