{"version":"1.0","type":"rich","provider_name":"OberpfalzECHO","provider_url":"https:\/\/oberpfalzecho.de","title":"Gl\u00fcck im Ungl\u00fcck: Unfall auf der A 93","html":"<a href=\"https:\/\/oberpfalzecho.de\/blaulicht\/glueck-im-unglueck-unfall-auf-der-a-93\" class=\"embed-preview\"><img src=\"https:\/\/redaktion.oberpfalzecho.de\/wp-content\/uploads\/2022\/01\/IMG_4172.jpg\" alt=\"\"><div><strong>Gl\u00fcck im Ungl\u00fcck: Unfall auf der A 93<\/strong><p>Luhe-Wildenau\/Weiden. Ein Autofahrer auf der A 93 hatte gro\u00dfes\u00a0Gl\u00fcck. Der Unfall h\u00e4tte schlimmer ausgehen k\u00f6nnen.\u00a0 Am Montagabend gegen 17:40 Uhr befuhr ein 31-J\u00e4hriger mit seinem BMW die A93 aus Regensburg [&hellip;]<\/p><\/div><\/a>","width":600,"height":338}