{"version":"1.0","type":"rich","provider_name":"OberpfalzECHO","provider_url":"https:\/\/oberpfalzecho.de","title":"Manisch-depressiv: T\u00e4ter keine Gefahr f\u00fcr Allgemeinheit","html":"<a href=\"https:\/\/oberpfalzecho.de\/blaulicht\/manisch-depressiv-taeter-keine-gefahr-fuer-allgemeinheit\" class=\"embed-preview\"><div><strong>Manisch-depressiv: T\u00e4ter keine Gefahr f\u00fcr Allgemeinheit<\/strong><p>Weiden. Der Angeklagte beging die gef\u00e4hrliche K\u00f6rperverletzung im Zustand der Schuldunf\u00e4higkeit. Die erste gro\u00dfe Strafkammer verhandelte dar\u00fcber, ob die Voraussetzungen f\u00fcr die Unterbringung in einem psychiatrischen Krankenhaus vorliegen. Das Opfer [&hellip;]<\/p><\/div><\/a>","width":600,"height":338}