{"version":"1.0","type":"rich","provider_name":"OberpfalzECHO","provider_url":"https:\/\/oberpfalzecho.de","title":"Auf die R\u00e4der \u2013 fertig \u2013 los: beim Stadtradeln Gutes f\u00fcrs Klima tun","html":"<a href=\"https:\/\/oberpfalzecho.de\/buntes\/auf-die-raeder-fertig-los-beim-stadtradeln-gutes-fuers-klima-tun\" class=\"embed-preview\"><img src=\"https:\/\/redaktion.oberpfalzecho.de\/wp-content\/uploads\/2024\/05\/Stadtradeln2024_L.Schmaus-scaled.jpg\" alt=\"\"><div><strong>Auf die R\u00e4der \u2013 fertig \u2013 los: beim Stadtradeln Gutes f\u00fcrs Klima tun<\/strong><p>Schwandorf. In der Zeit vom 10. bis 30. Juni k\u00f6nnen Schwandorferinnen und Schwandorfer im Rahmen der Stadtradeln-Kampagne des Klima-B\u00fcndnisses wieder flei\u00dfig Kilometer auf dem Drahtesel sammeln. <\/p><\/div><\/a>","width":600,"height":338}