{"version":"1.0","type":"rich","provider_name":"OberpfalzECHO","provider_url":"https:\/\/oberpfalzecho.de","title":"B\u00e4rnau r\u00fcstet sich f\u00fcr das \u201eHistorische Marktspectaculum\u201c","html":"<a href=\"https:\/\/oberpfalzecho.de\/buntes\/baernau-ruestet-sich-fuer-das-historische-marktspectaculum\" class=\"embed-preview\"><img src=\"https:\/\/redaktion.oberpfalzecho.de\/wp-content\/uploads\/2022\/06\/Ankuendigung-Marktspectaculum-Baernau-Via-Carolina-Goldene-Strasse1.jpg\" alt=\"\"><div><strong>B\u00e4rnau r\u00fcstet sich f\u00fcr das \u201eHistorische Marktspectaculum\u201c<\/strong><p>B\u00e4rnau. Das \u201eHistorische Marktspectaculum\u201c hat schon Kultstatus. Im Jahr 2001 gestartet, hat sich das Event zum gr\u00f6\u00dften Mittelalterspektakel in Nordostbayern entwickelt. Viele Attraktionen gibt es am 18. und 19. Juni.<\/p><\/div><\/a>","width":600,"height":338}