{"version":"1.0","type":"rich","provider_name":"OberpfalzECHO","provider_url":"https:\/\/oberpfalzecho.de","title":"Bunte Schirme gegen Rassismus","html":"<a href=\"https:\/\/oberpfalzecho.de\/buntes\/bunte-schirme-gegen-rassismus\" class=\"embed-preview\"><img src=\"https:\/\/redaktion.oberpfalzecho.de\/wp-content\/uploads\/2022\/01\/DSC01044.jpg\" alt=\"\"><div><strong>Bunte Schirme gegen Rassismus<\/strong><p>Weiden. Zahlreiche B\u00fcrgerinnen und B\u00fcrger folgten dem Aufruf von Oberb\u00fcrgermeister Kurt Seggewi\u00df und dem Sprecher des Integrationsbeirates Veit Wagner\u00a0und nahmen mit ihren bunten Schirmen an der Kundgebung am &#8220;Tag gegen [&hellip;]<\/p><\/div><\/a>","width":600,"height":338}