{"version":"1.0","type":"rich","provider_name":"OberpfalzECHO","provider_url":"https:\/\/oberpfalzecho.de","title":"Caritasverband ehrt Sammler in Eslarn mit Ehrenzeichen und Urkunden","html":"<a href=\"https:\/\/oberpfalzecho.de\/buntes\/caritasverband-ehrt-sammler-in-eslarn-mit-ehrenzeichen-und-urkunden\" class=\"embed-preview\"><img src=\"https:\/\/redaktion.oberpfalzecho.de\/wp-content\/uploads\/2025\/05\/Ehrungen-fuer-langjaehrige-Caritas-Sammler-in-Eslarn-scaled.jpg\" alt=\"\"><div><strong>Caritasverband ehrt Sammler in Eslarn mit Ehrenzeichen und Urkunden<\/strong><p>Eslarn. Der Caritasverband ehrte Angeh\u00f6rige der Eslarner Pfarrei mit der Verleihung von Ehrenzeichen f\u00fcr ihr Engagement und ihre besonderen langj\u00e4hrigen Verdienste in der Caritasarbeit. <\/p><\/div><\/a>","width":600,"height":338}