{"version":"1.0","type":"rich","provider_name":"OberpfalzECHO","provider_url":"https:\/\/oberpfalzecho.de","title":"Christbaum kehrt in Eslarn an die Pfarrkirche zur\u00fcck","html":"<a href=\"https:\/\/oberpfalzecho.de\/buntes\/christbaum-kehrt-in-eslarn-an-die-pfarrkirche-zurueck\" class=\"embed-preview\"><img src=\"https:\/\/redaktion.oberpfalzecho.de\/wp-content\/uploads\/2025\/11\/Christbaum-kehrt-in-Eslarn-an-die-Pfarrkirche-zurueck-scaled.jpg\" alt=\"\"><div><strong>Christbaum kehrt in Eslarn an die Pfarrkirche zur\u00fcck<\/strong><p>Eslarn. Nach Jahren schm\u00fcckt wieder ein Christbaum den Vorplatz der Pfarrkirche und kn\u00fcpft an eine alte Tradition an. Ehrenamtliche stellten die gespendete Tanne auf, damit sie p\u00fcnktlich zum ersten Advent leuchtet.<\/p><\/div><\/a>","width":600,"height":338}