{"version":"1.0","type":"rich","provider_name":"OberpfalzECHO","provider_url":"https:\/\/oberpfalzecho.de","title":"Die Arbeiterwohlfahrt auf gro\u00dfer Reise","html":"<a href=\"https:\/\/oberpfalzecho.de\/buntes\/die-arbeiterwohlfahrt-auf-grosser-reise\" class=\"embed-preview\"><img src=\"https:\/\/redaktion.oberpfalzecho.de\/wp-content\/uploads\/2023\/05\/AWO-Ausflug-an-Laggo-Maggiore-Kreuzer-scaled.jpg\" alt=\"\"><div><strong>Die Arbeiterwohlfahrt auf gro\u00dfer Reise<\/strong><p>Weiden. Heuer f\u00fchrte die F\u00fcnf-Tages-Reise der Arbeiterwohlfahrt an den Lago Maggiore. Das Programm war sehr umfangreich, zahlreiche Ausfl\u00fcge standen auf dem Plan.<\/p><\/div><\/a>","width":600,"height":338}