{"version":"1.0","type":"rich","provider_name":"OberpfalzECHO","provider_url":"https:\/\/oberpfalzecho.de","title":"Die Ellys auf Europa-Kurs: \"Unsere Stimme z\u00e4hlt\"","html":"<a href=\"https:\/\/oberpfalzecho.de\/buntes\/ellys-auf-europa-kurs\" class=\"embed-preview\"><img src=\"https:\/\/redaktion.oberpfalzecho.de\/wp-content\/uploads\/2022\/01\/Ellys-Elly-Heuss-Gymnasium-Europa2.jpg\" alt=\"\"><div><strong>Die Ellys auf Europa-Kurs: \"Unsere Stimme z\u00e4hlt\"<\/strong><p>Weiden.\u00a0\u201eUnsere Stimme z\u00e4hlt und wir haben die Pflicht als Europ\u00e4er und Europ\u00e4erinnen f\u00fcr die europ\u00e4ischen Werte einzustehen\u201c, so begann Kirk Koelstra, der diesj\u00e4hrige Pr\u00e4sident des Model European Parliaments, seine Rede [&hellip;]<\/p><\/div><\/a>","width":600,"height":338}