{"version":"1.0","type":"rich","provider_name":"OberpfalzECHO","provider_url":"https:\/\/oberpfalzecho.de","title":"Erste Bilder vom Deutsch-Amerikanischen Volksfest","html":"<a href=\"https:\/\/oberpfalzecho.de\/buntes\/erste-bilder-vom-deutsch-amerikanischen-volksfest\" class=\"embed-preview\"><img src=\"https:\/\/redaktion.oberpfalzecho.de\/wp-content\/uploads\/2022\/01\/DSC6552.jpg\" alt=\"\"><div><strong>Erste Bilder vom Deutsch-Amerikanischen Volksfest<\/strong><p>Grafenw\u00f6hr. Viele tausende Besucher str\u00f6mten schon am ersten Tag auf das 57. Deutsch-Amerikanische Volksfest auf den Gruppen\u00fcbungsplatz bei Grafenw\u00f6hr. +++ Neu: OberpfalzECHO-Nachrichten kostenlos per WhatsApp! +++ Noch zwei Tage lang [&hellip;]<\/p><\/div><\/a>","width":600,"height":338}