{"version":"1.0","type":"rich","provider_name":"OberpfalzECHO","provider_url":"https:\/\/oberpfalzecho.de","title":"FOS\/BOS-Sch\u00fcler jubeln f\u00fcr Europaurkunde","html":"<a href=\"https:\/\/oberpfalzecho.de\/buntes\/fosbos-schueler-jubeln-fuer-europaurkunde\" class=\"embed-preview\"><img src=\"https:\/\/redaktion.oberpfalzecho.de\/wp-content\/uploads\/2022\/01\/DSC0977.jpg\" alt=\"\"><div><strong>FOS\/BOS-Sch\u00fcler jubeln f\u00fcr Europaurkunde<\/strong><p>Weiden. Extra zur \u00dcbergabe der Europa-Urkunde an die FOS\/BOS haben sich heute kurz nach Schulbeginn alle Sch\u00fclerinnen und Sch\u00fcler in der Aula versammelt. Oberb\u00fcrgermeister Kurt Seggewi\u00df und Schulleiterin Gabriele Dill [&hellip;]<\/p><\/div><\/a>","width":600,"height":338}