{"version":"1.0","type":"rich","provider_name":"OberpfalzECHO","provider_url":"https:\/\/oberpfalzecho.de","title":"Frankfurter Buchmesse: Regionale Autoren und Geschichten","html":"<a href=\"https:\/\/oberpfalzecho.de\/buntes\/frankfurter-buchmesse-regionale-autoren-und-geschichten\" class=\"embed-preview\"><img src=\"https:\/\/redaktion.oberpfalzecho.de\/wp-content\/uploads\/2022\/01\/Aufbau_18102016_HA_024_58828-1.jpg\" alt=\"\"><div><strong>Frankfurter Buchmesse: Regionale Autoren und Geschichten<\/strong><p>Neustadt\/WN\/Tirschenreuth\/Weiden. Ab heute wird Frankfurt am Main wieder zum Zentrum der internationalen Medienwelt, wenn die allj\u00e4hrliche Buchmesse ihre Tore \u00f6ffnet. Diesen Anlass m\u00f6chten wir nutzen, um euch regionale Autoren beziehungsweise [&hellip;]<\/p><\/div><\/a>","width":600,"height":338}