{"version":"1.0","type":"rich","provider_name":"OberpfalzECHO","provider_url":"https:\/\/oberpfalzecho.de","title":"Fr\u00fchlingsfest Weiden: Das ist geboten!","html":"<a href=\"https:\/\/oberpfalzecho.de\/buntes\/fruehlingsfest-weiden-das-ist-geboten\" class=\"embed-preview\"><img src=\"https:\/\/redaktion.oberpfalzecho.de\/wp-content\/uploads\/2022\/01\/DSC_1113.jpg\" alt=\"\"><div><strong>Fr\u00fchlingsfest Weiden: Das ist geboten!<\/strong><p>Weiden. Am Freitag \u00f6ffnet\u00a0das j\u00e4hrliche Fr\u00fchlingsfest in Weiden wieder seine Pforten &#8211; auch wenn sich das Wetter momentan nicht nach Fr\u00fchling sondern eher nach Christkindlmarkt anf\u00fchlt. Im Festzelt warten rund [&hellip;]<\/p><\/div><\/a>","width":600,"height":338}