{"version":"1.0","type":"rich","provider_name":"OberpfalzECHO","provider_url":"https:\/\/oberpfalzecho.de","title":"Greenpeace startet erstes Repair-Caf\u00e9 in Weiden","html":"<a href=\"https:\/\/oberpfalzecho.de\/buntes\/greenpeace-startet-erstes-repair-cafe-in-weiden\" class=\"embed-preview\"><img src=\"https:\/\/redaktion.oberpfalzecho.de\/wp-content\/uploads\/2025\/12\/IMG_0493-scaled.jpeg\" alt=\"\"><div><strong>Greenpeace startet erstes Repair-Caf\u00e9 in Weiden<\/strong><p>Weiden. Am Samstag \u00f6ffnete Greenpeace Weiden erstmals die T\u00fcren zu einem gemeinn\u00fctzigen \u201eRepair-Caf\u00e9\u201c. Unter der fachkundigen Leitung von Jo Pirzer und drei weiteren ehrenamtlichen Technikern konnten zahlreiche Besucherinnen und Besucher defekte Alltagsgegenst\u00e4nde und elektronische Ger\u00e4te wieder funktionsf\u00e4hig machen.<\/p><\/div><\/a>","width":600,"height":338}