{"version":"1.0","type":"rich","provider_name":"OberpfalzECHO","provider_url":"https:\/\/oberpfalzecho.de","title":"Innenst\u00e4dte st\u00e4rken, bevor es zu sp\u00e4t ist","html":"<a href=\"https:\/\/oberpfalzecho.de\/buntes\/innenstaedte-staerken-bevor-es-zu-spaet-ist\" class=\"embed-preview\"><img src=\"https:\/\/redaktion.oberpfalzecho.de\/wp-content\/uploads\/2022\/01\/Woerthstrasse-Weiden-Nordsee-Fussgaengerzone-.jpg\" alt=\"\"><div><strong>Innenst\u00e4dte st\u00e4rken, bevor es zu sp\u00e4t ist<\/strong><p>Weiden\/Neustadt\/WN\/Tirschenreuth. Die Herausforderungen f\u00fcr den regionalen Handel im Zuge der Digitalisierung sind gro\u00df. Binnen 15 Jahren ist der Marktanteil des inhabergef\u00fchrten Einzelhandels von 32 auf 18 Prozent zur\u00fcckgegangen, Tendenz sinkend. [&hellip;]<\/p><\/div><\/a>","width":600,"height":338}