{"version":"1.0","type":"rich","provider_name":"OberpfalzECHO","provider_url":"https:\/\/oberpfalzecho.de","title":"Jubelkommunion in Eslarn: Generationen feiern gemeinsam","html":"<a href=\"https:\/\/oberpfalzecho.de\/buntes\/jubelkommunion-in-eslarn-generationen-feiern-gemeinsam\" class=\"embed-preview\"><img src=\"https:\/\/redaktion.oberpfalzecho.de\/wp-content\/uploads\/2025\/04\/Jubelkommunion-in-Eslarn-Generationen-feiern-gemeinsam-scaled.jpg\" alt=\"\"><div><strong>Jubelkommunion in Eslarn: Generationen feiern gemeinsam<\/strong><p>Eslarn. Kommunionkinder und Jubelkommunikanten feierten gemeinsam die Eucharistie in der \"Mari\u00e4 Himmelfahrt\" Kirche. Die Feier inkludierte ein Gedenken ans 25- und 50-j\u00e4hrige Kommunionsjubil\u00e4um sowie die \u00dcbergabe wei\u00dfer Kleider.<\/p><\/div><\/a>","width":600,"height":338}