{"version":"1.0","type":"rich","provider_name":"OberpfalzECHO","provider_url":"https:\/\/oberpfalzecho.de","title":"Laura Weber aus Weiden sucht weltoffene Gastfamilien in Bayern","html":"<a href=\"https:\/\/oberpfalzecho.de\/buntes\/laura-weber-aus-weiden-sucht-weltoffene-gastfamilien-in-bayern\" class=\"embed-preview\"><img src=\"https:\/\/redaktion.oberpfalzecho.de\/wp-content\/uploads\/2026\/03\/Laura-Weber-aus-Weiden-sucht-weltoffene-Gastfamilien-in-Bayern-scaled.jpg\" alt=\"\"><div><strong>Laura Weber aus Weiden sucht weltoffene Gastfamilien in Bayern<\/strong><p>Weiden. Ab September 2026 sucht Bayern weltoffene Gastfamilien f\u00fcr interkulturellen Austausch. Laura Weber und AFS rufen dazu auf. 15- bis 18-J\u00e4hrige aus aller Welt k\u00f6nnen f\u00fcr einige Wochen bis zu einem Jahr einziehen.<\/p><\/div><\/a>","width":600,"height":338}