{"version":"1.0","type":"rich","provider_name":"OberpfalzECHO","provider_url":"https:\/\/oberpfalzecho.de","title":"Mit guter Laune geht es in die Sommerferien","html":"<a href=\"https:\/\/oberpfalzecho.de\/buntes\/mit-guter-laune-geht-es-in-die-sommerferien\" class=\"embed-preview\"><img src=\"https:\/\/redaktion.oberpfalzecho.de\/wp-content\/uploads\/2022\/08\/IMG-20220730-WA0005-scaled.jpg\" alt=\"\"><div><strong>Mit guter Laune geht es in die Sommerferien<\/strong><p>Grafenw\u00f6hr. H\u00fcpfend starteten die Sch\u00fcler der offenen Ganztagsschule Grafenw\u00f6hr am letzten Schultag in die Sommerferien. <\/p><\/div><\/a>","width":600,"height":338}