{"version":"1.0","type":"rich","provider_name":"OberpfalzECHO","provider_url":"https:\/\/oberpfalzecho.de","title":"Nach Tief Emmerlinde kommt Krawalltief Finja nach Bayern","html":"<a href=\"https:\/\/oberpfalzecho.de\/buntes\/nach-tief-emmerlinde-kommt-krawalltief-finja-nach-bayern\" class=\"embed-preview\"><img src=\"https:\/\/redaktion.oberpfalzecho.de\/wp-content\/uploads\/2022\/05\/Tief-Emmerlinde-210522-Radweg-jrh-OE-04-scaled.jpg\" alt=\"\"><div><strong>Nach Tief Emmerlinde kommt Krawalltief Finja nach Bayern<\/strong><p>Amberg\/Weiden. Tief Emmerlinde hat sich ausgetobt, die Aufr\u00e4umarbeiten laufen weiter. Der Deutsche Wetterdienst (DWD) warnt f\u00fcr Donnerstagabend f\u00fcr das n\u00f6rdliche Bayern vor schweren Gewittern, Starkregen, Hagel und Sturmb\u00f6en.<\/p><\/div><\/a>","width":600,"height":338}