{"version":"1.0","type":"rich","provider_name":"OberpfalzECHO","provider_url":"https:\/\/oberpfalzecho.de","title":"Oberpf\u00e4lzer Natursch\u00fctzer f\u00fcr Walderhaltung in Weiden","html":"<a href=\"https:\/\/oberpfalzecho.de\/buntes\/oberpfaelzer-naturschuetzer-fuer-walderhaltung-in-weiden\" class=\"embed-preview\"><img src=\"https:\/\/redaktion.oberpfalzecho.de\/wp-content\/uploads\/2022\/01\/woods-1072819_1280.jpg\" alt=\"\"><div><strong>Oberpf\u00e4lzer Natursch\u00fctzer f\u00fcr Walderhaltung in Weiden<\/strong><p>Weiden. Die Vertreterinnen und Vertreter der Oberpf\u00e4lzer Kreis- und Ortsgruppen des BUND Naturschutz (BN) trafen sich am 8. November 2018 in Amberg zu ihrer Herbsttagung. Dort beschlossen sie eine Resolution, [&hellip;]<\/p><\/div><\/a>","width":600,"height":338}