{"version":"1.0","type":"rich","provider_name":"OberpfalzECHO","provider_url":"https:\/\/oberpfalzecho.de","title":"Philipp Hedemann in Pressath: Die Welt ver\u00e4ndert sich","html":"<a href=\"https:\/\/oberpfalzecho.de\/buntes\/philipp-hedemann-pressath-die-welt-veraendert-sich\" class=\"embed-preview\"><img src=\"https:\/\/redaktion.oberpfalzecho.de\/wp-content\/uploads\/2022\/01\/Lesung-Philipp-Hedemann.jpg\" alt=\"\"><div><strong>Philipp Hedemann in Pressath: Die Welt ver\u00e4ndert sich<\/strong><p>Pressath.\u00a0Journalist Philipp Hedemann liest aus &#8220;Die Fl\u00fcchtlingsrevolution. Wie die neue V\u00f6lkerwanderung die ganze Welt ver\u00e4ndert&#8221; und liefert einen globalen Blick auf die Auswirkungen der Fl\u00fcchtlingsstr\u00f6me. Von Stephanie Landgraf Unsere Welt [&hellip;]<\/p><\/div><\/a>","width":600,"height":338}