{"version":"1.0","type":"rich","provider_name":"OberpfalzECHO","provider_url":"https:\/\/oberpfalzecho.de","title":"Sommerfestival 2025: \u201ePaulusbrunn erwacht zum Leben\u201c","html":"<a href=\"https:\/\/oberpfalzecho.de\/buntes\/sommerfestival-2025-paulusbrunn-erwacht-zum-leben\" class=\"embed-preview\"><img src=\"https:\/\/redaktion.oberpfalzecho.de\/wp-content\/uploads\/2025\/06\/Paulusbunn-scaled.jpg\" alt=\"\"><div><strong>Sommerfestival 2025: \u201ePaulusbrunn erwacht zum Leben\u201c<\/strong><p>B\u00e4rnau. Viele Oberpf\u00e4lzer haben ihre famili\u00e4ren Wurzeln in B\u00f6hmen. Vor dem Zweiten Weltkrieg war es kein Problem, die D\u00f6rfer und St\u00e4dte in der seit 1918 bestehenden Tschechoslowakei zu besuchen. Doch 1945 war durch den Eisernen Vorhang pl\u00f6tzlich Schluss. Die Sehnsucht nach der verlorenen Heimat blieb aber immer bestehen.<\/p><\/div><\/a>","width":600,"height":338}