{"version":"1.0","type":"rich","provider_name":"OberpfalzECHO","provider_url":"https:\/\/oberpfalzecho.de","title":"Sperrung der Fu\u00dfg\u00e4ngerzone f\u00fcr das B\u00fcrgerfest","html":"<a href=\"https:\/\/oberpfalzecho.de\/buntes\/sperrung-der-fussgaengerzone-fuer-das-buergerfest\" class=\"embed-preview\"><img src=\"https:\/\/redaktion.oberpfalzecho.de\/wp-content\/uploads\/2022\/06\/Warnung_Absperrung_Sperre_Leuchte_Warnleuchte_Unfall_Polizei_Feuerwehr_Blaulicht_Pixabay_Symbolbild-scaled.jpg\" alt=\"\"><div><strong>Sperrung der Fu\u00dfg\u00e4ngerzone f\u00fcr das B\u00fcrgerfest<\/strong><p>Weiden. Das B\u00fcrgerfest steht bevor. Deshalb werden Teile der Altstadt ab dem 25.06. bis zum Ende der Veranstaltung gesperrt.<\/p><\/div><\/a>","width":600,"height":338}