{"version":"1.0","type":"rich","provider_name":"OberpfalzECHO","provider_url":"https:\/\/oberpfalzecho.de","title":"Stadt Weiden: Stra\u00dfen und Wege m\u00fcssen freigehalten werden","html":"<a href=\"https:\/\/oberpfalzecho.de\/buntes\/stadt-weiden-strassen-und-wege-muessen-freigehalten-werden\" class=\"embed-preview\"><img src=\"https:\/\/redaktion.oberpfalzecho.de\/wp-content\/uploads\/2022\/01\/Heckenschere-Gruengut-Busch-Strauch-Ast-Baum-schneiden-Hand-saegen-schneiden-Symbol-Symbolbild-Garten-Fruehling.jpg\" alt=\"\"><div><strong>Stadt Weiden: Stra\u00dfen und Wege m\u00fcssen freigehalten werden<\/strong><p>Weiden. Die Stadt Weiden bittet alle B\u00fcrger um Unterst\u00fctzung. B\u00fcsche und B\u00e4ume im eigenen Garten d\u00fcrfen angrenzende Geh- und Radwege nicht beeintr\u00e4chtigen.<\/p><\/div><\/a>","width":600,"height":338}