{"version":"1.0","type":"rich","provider_name":"OberpfalzECHO","provider_url":"https:\/\/oberpfalzecho.de","title":"Truppen\u00fcbungsplatz: Ja zu Amerikanern und Grafenw\u00f6hr","html":"<a href=\"https:\/\/oberpfalzecho.de\/buntes\/truppenuebungsplatz-ja-zu-amerikanern-und-grafenwoehr\" class=\"embed-preview\"><img src=\"https:\/\/redaktion.oberpfalzecho.de\/wp-content\/uploads\/2022\/01\/Truppenuebungsplatz-Grafenwoehr-1.jpg\" alt=\"\"><div><strong>Truppen\u00fcbungsplatz: Ja zu Amerikanern und Grafenw\u00f6hr<\/strong><p>Grafenw\u00f6hr. \u201eWir stehen zum Truppen\u00fcbungsplatz Grafenw\u00f6hr mit den Amerikanern, der Bundeswehr und \u00fcbenden Nationen und wollen uns nachhaltig daf\u00fcr einsetzten\u201c, so fasste Dr. Stephan Oetzinger der Vorsitzende der CSU-Kreistagsfraktion das [&hellip;]<\/p><\/div><\/a>","width":600,"height":338}