{"version":"1.0","type":"rich","provider_name":"OberpfalzECHO","provider_url":"https:\/\/oberpfalzecho.de","title":"Turm St. Martin in Amberg \u00f6ffnet im Sommer f\u00fcr F\u00fchrungen","html":"<a href=\"https:\/\/oberpfalzecho.de\/buntes\/turm-st-martin-in-amberg-oeffnet-im-sommer-fuer-fuehrungen\" class=\"embed-preview\"><img src=\"https:\/\/redaktion.oberpfalzecho.de\/wp-content\/uploads\/2026\/04\/Turm-St-Martin-in-Amberg-oeffnet-im-Sommer-fuer-Fuehrungen-scaled.jpg\" alt=\"\"><div><strong>Turm St. Martin in Amberg \u00f6ffnet im Sommer f\u00fcr F\u00fchrungen<\/strong><p>Amberg. Die Bauma\u00dfnahmen zur Wiedernutzung des Turms der Basilika St. Martin sind abgeschlossen, und im LEADER-Programm investierte die Stadt rund 160.000 Euro. Ab Sommer 2026 starten Turmf\u00fchrungen.<\/p><\/div><\/a>","width":600,"height":338}