{"version":"1.0","type":"rich","provider_name":"OberpfalzECHO","provider_url":"https:\/\/oberpfalzecho.de","title":"\"\u00dcberw\u00e4ltigender Zuspruch\": Team Bananenflanke kurz vor Gr\u00fcndung","html":"<a href=\"https:\/\/oberpfalzecho.de\/buntes\/ueberwaeltigender-zuspruch-team-bananenflanke-kurz-vor-gruendung\" class=\"embed-preview\"><img src=\"https:\/\/redaktion.oberpfalzecho.de\/wp-content\/uploads\/2022\/01\/Team_Bananenflanke_Nordoberpfalz_Gruendung_Carina_Voelkl.jpeg\" alt=\"\"><div><strong>\"\u00dcberw\u00e4ltigender Zuspruch\": Team Bananenflanke kurz vor Gr\u00fcndung<\/strong><p>Neustadt\/WN. \"Damit haben wir nicht gerechnet. Ich war wirklich sprachlos\", erz\u00e4hlt Carina V\u00f6lkl nach der Gr\u00fcndungsveranstaltung f\u00fcr den Verein Bananenflanke f\u00fcr die Nordoberpfalz. <\/p><\/div><\/a>","width":600,"height":338}