{"version":"1.0","type":"rich","provider_name":"OberpfalzECHO","provider_url":"https:\/\/oberpfalzecho.de","title":"Von der Galerie zum Caf\u00e9: Beanerys unendliche Geschichte","html":"<a href=\"https:\/\/oberpfalzecho.de\/buntes\/von-der-galerie-zum-caf-beanerys-unendliche-geschichte\" class=\"embed-preview\"><img src=\"https:\/\/redaktion.oberpfalzecho.de\/wp-content\/uploads\/2022\/01\/DSC0947.jpg\" alt=\"\"><div><strong>Von der Galerie zum Caf\u00e9: Beanerys unendliche Geschichte<\/strong><p>Weiden. F\u00fcr viele ist das Beanery, vor allem in den Sommermonaten, wie ein zweites zu Hause. Da r\u00fcckt man auch mal gern zusammen, wenn alles voll ist. Dass das Caf\u00e9\u00a0vielleicht [&hellip;]<\/p><\/div><\/a>","width":600,"height":338}