{"version":"1.0","type":"rich","provider_name":"OberpfalzECHO","provider_url":"https:\/\/oberpfalzecho.de","title":"Wei\u00dfe Schneeflocken bei gr\u00fcnem Basar","html":"<a href=\"https:\/\/oberpfalzecho.de\/buntes\/weisse-schneeflocken-bei-gruenem-basar\" class=\"embed-preview\"><img src=\"https:\/\/redaktion.oberpfalzecho.de\/wp-content\/uploads\/2022\/11\/Basar-Immenreuth-Melzner-1-scaled.jpg\" alt=\"\"><div><strong>Wei\u00dfe Schneeflocken bei gr\u00fcnem Basar<\/strong><p>Immenreuth. Eine gro\u00dfe Schlange wartete am Samstagnachmittag auf die \u00d6ffnung des \u00fcber die Gemeindegrenzen hinweg bekannten Advents- und Weihnachtsbasars.<\/p><\/div><\/a>","width":600,"height":338}