{"version":"1.0","type":"rich","provider_name":"OberpfalzECHO","provider_url":"https:\/\/oberpfalzecho.de","title":"Zeitreise ins 14. Jahrhundert in B\u00e4rnau","html":"<a href=\"https:\/\/oberpfalzecho.de\/buntes\/zeitreise-ins-14-jahrhundert-in-baernau\" class=\"embed-preview\"><img src=\"https:\/\/redaktion.oberpfalzecho.de\/wp-content\/uploads\/2025\/08\/Vom-Rasten-und-Reisen-scaled.jpg\" alt=\"\"><div><strong>Zeitreise ins 14. Jahrhundert in B\u00e4rnau<\/strong><p>B\u00e4rnau. Am kommenden Wochenende entf\u00fchrt der Geschichtspark B\u00e4rnau-Tachov alle Interessierten in das 14. Jahrhundert. Von 29. bis 31. August n\u00e4mlich lautet das Motto \u201eVom Rasten und Reisen\u201c.<\/p><\/div><\/a>","width":600,"height":338}