{"version":"1.0","type":"rich","provider_name":"OberpfalzECHO","provider_url":"https:\/\/oberpfalzecho.de","title":"30 Jahre Kreislehrgarten in Flo\u00df: Garten der Sinne","html":"<a href=\"https:\/\/oberpfalzecho.de\/kultur\/30-jahre-kreislehrgarten-in-floss-garten-der-sinne\" class=\"embed-preview\"><img src=\"https:\/\/redaktion.oberpfalzecho.de\/wp-content\/uploads\/2025\/09\/Floss-feiert-30-Jahre-Kreislehrgarten-scaled.jpg\" alt=\"\"><div><strong>30 Jahre Kreislehrgarten in Flo\u00df: Garten der Sinne<\/strong><p>Flo\u00df. Der Kreislehrgarten feiert am Sonntag, 21. September, von 10 bis 17 Uhr sein 30-j\u00e4hriges Bestehen unter dem Motto Streuobst, mit \u00f6kumenischem Gottesdienst, Familienprogramm und Bewirtung.<\/p><\/div><\/a>","width":600,"height":338}