{"version":"1.0","type":"rich","provider_name":"OberpfalzECHO","provider_url":"https:\/\/oberpfalzecho.de","title":"Auftritt in Bischofsgr\u00fcn: Angela Ascher: \"Verdammt ich lieb' mich.\"","html":"<a href=\"https:\/\/oberpfalzecho.de\/kultur\/auftritt-in-bischofsgruen-angela-ascher-verdammt-ich-lieb-mich\" class=\"embed-preview\"><img src=\"https:\/\/redaktion.oberpfalzecho.de\/wp-content\/uploads\/2025\/10\/Auftritt-in-Bischofsgruen-Angela-Ascher-Verdammt-ich-lieb-mich.jpg\" alt=\"\"><div><strong>Auftritt in Bischofsgr\u00fcn: Angela Ascher: \"Verdammt ich lieb' mich.\"<\/strong><p>Bischofsgr\u00fcn. Am Veranstaltungsort Bischofsgr\u00fcn, Kurhaus organisiert Tourismus & Marketing Ochsenkopf eine Veranstaltung und sorgt f\u00fcr ein stimmungsvolles Erlebnis vor Ort. Das Ticket ist bequem \u00fcber okticket.de erh\u00e4ltlich.<\/p><\/div><\/a>","width":600,"height":338}