{"version":"1.0","type":"rich","provider_name":"OberpfalzECHO","provider_url":"https:\/\/oberpfalzecho.de","title":"B\u00fccher und Demokratie im vhs-Fr\u00fchjahrsprogramm in Amberg-Sulzbach","html":"<a href=\"https:\/\/oberpfalzecho.de\/kultur\/buecher-und-demokratie-im-vhs-fruehjahrsprogramm-in-amberg-sulzbach\" class=\"embed-preview\"><img src=\"https:\/\/redaktion.oberpfalzecho.de\/wp-content\/uploads\/2026\/01\/Buecher-und-Demokratie-im-vhs-Fruehjahrsprogramm-in-Amberg-Sulzbach-scaled.jpg\" alt=\"\"><div><strong>B\u00fccher und Demokratie im vhs-Fr\u00fchjahrsprogramm in Amberg-Sulzbach<\/strong><p>Amberg-Sulzbach.\nDas neue vhs-Fr\u00fchjahrsprogramm setzt auf Wissen, Kultur und Demokratie.\nH\u00f6hepunkt ist die Fahrt zur Leipziger Buchmesse am 22. M\u00e4rz; zudem locken F\u00fchrungen, Kurse und Vortr\u00e4ge im ganzen Landkreis.<\/p><\/div><\/a>","width":600,"height":338}