{"version":"1.0","type":"rich","provider_name":"OberpfalzECHO","provider_url":"https:\/\/oberpfalzecho.de","title":"Imkerverein Eslarn feiert 75-j\u00e4hriges Jubil\u00e4um","html":"<a href=\"https:\/\/oberpfalzecho.de\/kultur\/imkerverein-eslarn-feiert-75-jaehriges-jubilaeum\" class=\"embed-preview\"><img src=\"https:\/\/redaktion.oberpfalzecho.de\/wp-content\/uploads\/2025\/07\/opf-echo-imkerfest-1-scaled.jpg\" alt=\"\"><div><strong>Imkerverein Eslarn feiert 75-j\u00e4hriges Jubil\u00e4um<\/strong><p>Eslarn. Der Imkerverein in Eslarn feierte sein 75. Jubil\u00e4um mit Speisen, Unterhaltung und einem Festgottesdienst. Neben vielen G\u00e4sten waren auch Ehreng\u00e4ste und langj\u00e4hrige Vorst\u00e4nde anwesend.<\/p><\/div><\/a>","width":600,"height":338}