{"version":"1.0","type":"rich","provider_name":"OberpfalzECHO","provider_url":"https:\/\/oberpfalzecho.de","title":"Max-Reger-Halle Weiden: neue F\u00fchrung, frische Visionen","html":"<a href=\"https:\/\/oberpfalzecho.de\/kultur\/max-reger-halle-weiden-neue-fuehrung-frische-visionen\" class=\"embed-preview\"><img src=\"https:\/\/redaktion.oberpfalzecho.de\/wp-content\/uploads\/2025\/06\/image-8-2-scaled.jpeg\" alt=\"\"><div><strong>Max-Reger-Halle Weiden: neue F\u00fchrung, frische Visionen<\/strong><p>Weiden. Die Max-Reger-Congress & Event GmbH stellt sich neu auf: Zum 1. Juli tritt Lukas H\u00f6llerer, zum 1. September Maximilian Biehler in die Gesch\u00e4ftsf\u00fchrung der Max-Reger-Halle ein. Gemeinsam \u00fcbernehmen sie im Modell \u201eZwei Personen \u2013 eine Gesch\u00e4ftsf\u00fchrung\u201c die Leitung der renommierten Veranstaltungsst\u00e4tte.<\/p><\/div><\/a>","width":600,"height":338}