{"version":"1.0","type":"rich","provider_name":"OberpfalzECHO","provider_url":"https:\/\/oberpfalzecho.de","title":"Regional- und Kunsthandwerkermarkt feiert vierte Auflage","html":"<a href=\"https:\/\/oberpfalzecho.de\/kultur\/regional-und-kunsthandwerkermarkt-feiert-vierte-auflage\" class=\"embed-preview\"><img src=\"https:\/\/redaktion.oberpfalzecho.de\/wp-content\/uploads\/2025\/09\/Regional-und-Kunsthandwerkermarkt-feiert-vierte-Auflage-scaled.jpg\" alt=\"\"><div><strong>Regional- und Kunsthandwerkermarkt feiert vierte Auflage<\/strong><p>Gleiritsch. Am 20. September 2025 l\u00e4dt der Dorfladen zum vierten Regional- und Kunsthandwerkermarkt von zehn bis 17 Uhr mit 35 St\u00e4nden, Vorf\u00fchrungen, Workshops und regionalen Spezialit\u00e4ten ein.<\/p><\/div><\/a>","width":600,"height":338}