{"version":"1.0","type":"rich","provider_name":"OberpfalzECHO","provider_url":"https:\/\/oberpfalzecho.de","title":"Thementag \u201eWunderbaum Birke\u201c im Geschichtspark","html":"<a href=\"https:\/\/oberpfalzecho.de\/kultur\/thementag-wunderbaum-birke-im-geschichtspark\" class=\"embed-preview\"><img src=\"https:\/\/redaktion.oberpfalzecho.de\/wp-content\/uploads\/2022\/04\/Birke-Baum-Wald-Symbolbild-Pixabay-scaled.jpg\" alt=\"\"><div><strong>Thementag \u201eWunderbaum Birke\u201c im Geschichtspark<\/strong><p>B\u00e4rnau. Am kommenden Samstag und Sonntag l\u00e4dt der Geschichtspark B\u00e4rnau \u2013 Tachov ein zum \u201eLebendigen Mittelalter\u201c sowie am Sonntag zum Thementag Wunderbaum Birke.<\/p><\/div><\/a>","width":600,"height":338}