{"version":"1.0","type":"rich","provider_name":"OberpfalzECHO","provider_url":"https:\/\/oberpfalzecho.de","title":"\u201eDas Elly tanzt\u201c: Vorverkauf hat begonnen","html":"<a href=\"https:\/\/oberpfalzecho.de\/kurzmeldungen\/das-elly-tanzt-vorverkauf-hat-begonnen\" class=\"embed-preview\"><img src=\"https:\/\/redaktion.oberpfalzecho.de\/wp-content\/uploads\/2022\/09\/Max_Reger_Halle_2022_Zell_4.jpg\" alt=\"\"><div><strong>\u201eDas Elly tanzt\u201c: Vorverkauf hat begonnen<\/strong><p>Weiden. Auch heuer tanzen sich die Sch\u00fclerinnen de Elly-Heuss-Gymnasiums wieder in die Herzen ihrer Fans. Seit dem 22. Mai sind Karten f\u00fcr das diesj\u00e4hrige \"Elly-Tanzt\" erh\u00e4ltlich.<\/p><\/div><\/a>","width":600,"height":338}