{"version":"1.0","type":"rich","provider_name":"OberpfalzECHO","provider_url":"https:\/\/oberpfalzecho.de","title":"Kurz notiert: Amberg - Fagerastra\u00dfe gesperrt","html":"<a href=\"https:\/\/oberpfalzecho.de\/kurzmeldungen\/kurz-notiert-amberg-fagerastrasse-gesperrt\" class=\"embed-preview\"><img src=\"https:\/\/redaktion.oberpfalzecho.de\/wp-content\/uploads\/2025\/12\/Kurz-notiert-Amberg-Schliesstage-Stadtverwaltung.jpg\" alt=\"\"><div><strong>Kurz notiert: Amberg - Fagerastra\u00dfe gesperrt<\/strong><p>Amberg. Am Dienstag, 27. Januar 2026, wird die Fagerastra\u00dfe von 9.30 Uhr bis 13 Uhr an der Einm\u00fcndung Hallst\u00e4tter Stra\u00dfe gesperrt. Grund: Kran.<\/p><\/div><\/a>","width":600,"height":338}