{"version":"1.0","type":"rich","provider_name":"OberpfalzECHO","provider_url":"https:\/\/oberpfalzecho.de","title":"Kurz notiert: Amberg - Pr\u00fcfeningweg gesperrt","html":"<a href=\"https:\/\/oberpfalzecho.de\/kurzmeldungen\/kurz-notiert-amberg-pruefeningweg-gesperrt\" class=\"embed-preview\"><img src=\"https:\/\/redaktion.oberpfalzecho.de\/wp-content\/uploads\/2025\/02\/notes-g882855184_1280-scaled.jpg\" alt=\"\"><div><strong>Kurz notiert: Amberg - Pr\u00fcfeningweg gesperrt<\/strong><p>Amberg. Der Pr\u00fcfeningweg im Stadtteil Karmens\u00f6lden wird von Montag, 7. September 2026, bis Freitag, 11. September 2026, wegen Stra\u00dfenausbau vollst\u00e4ndig gesperrt. Anlieger d\u00fcrfen bis zur Baustelle zufahren.<\/p><\/div><\/a>","width":600,"height":338}