{"version":"1.0","type":"rich","provider_name":"OberpfalzECHO","provider_url":"https:\/\/oberpfalzecho.de","title":"Kurz notiert: Amberg - Pr\u00fcfeningweg-Sperrung verschoben","html":"<a href=\"https:\/\/oberpfalzecho.de\/kurzmeldungen\/kurz-notiert-amberg-pruefeningweg-sperrung-verschoben\" class=\"embed-preview\"><img src=\"https:\/\/redaktion.oberpfalzecho.de\/wp-content\/uploads\/2025\/02\/man-593333_1280-scaled.jpg\" alt=\"\"><div><strong>Kurz notiert: Amberg - Pr\u00fcfeningweg-Sperrung verschoben<\/strong><p>Amberg. Die Sperrung des Pr\u00fcfeningwegs im Stadtteil Karmens\u00f6lden wird wegen Verz\u00f6gerungen bei Telekom-Bauma\u00dfnahmen verschoben. Der urspr\u00fcnglich f\u00fcr 7. bis 11. September 2026 geplante Ausbau findet sp\u00e4ter statt.<\/p><\/div><\/a>","width":600,"height":338}