{"version":"1.0","type":"rich","provider_name":"OberpfalzECHO","provider_url":"https:\/\/oberpfalzecho.de","title":"Kurz notiert: Amberg - Wiltmaisterstra\u00dfe gesperrt","html":"<a href=\"https:\/\/oberpfalzecho.de\/kurzmeldungen\/kurz-notiert-amberg-wiltmaisterstrasse-gesperrt-2\" class=\"embed-preview\"><img src=\"https:\/\/redaktion.oberpfalzecho.de\/wp-content\/uploads\/2025\/02\/ballpoint-pen-1751415_1280-scaled.jpg\" alt=\"\"><div><strong>Kurz notiert: Amberg - Wiltmaisterstra\u00dfe gesperrt<\/strong><p>Amberg. Die Wiltmaisterstra\u00dfe wird am Mittwoch, 6. Mai 2026, zwischen L\u00f6wenthalstra\u00dfe und Schenklstra\u00dfe vollst\u00e4ndig gesperrt. Grund ist ein Autokran.<\/p><\/div><\/a>","width":600,"height":338}