{"version":"1.0","type":"rich","provider_name":"OberpfalzECHO","provider_url":"https:\/\/oberpfalzecho.de","title":"90-j\u00e4hriger Zeitzeuge erz\u00e4hlt \u00fcber die Vertreibung aus B\u00f6hmen","html":"<a href=\"https:\/\/oberpfalzecho.de\/menschen\/90-jaehriger-zeitzeuge-erzaehlt-ueber-die-vertreibung-aus-boehmen\" class=\"embed-preview\"><img src=\"https:\/\/redaktion.oberpfalzecho.de\/wp-content\/uploads\/2025\/07\/Zeitzeuge-bewahrt-Geschichte-der-Vertreibung-und-Tradition-scaled.jpg\" alt=\"\"><div><strong>90-j\u00e4hriger Zeitzeuge erz\u00e4hlt \u00fcber die Vertreibung aus B\u00f6hmen<\/strong><p>Eslarn. 80 Jahre nach Kriegsende: Ein 90-j\u00e4hriger Zeitzeuge erz\u00e4hlt von der Vertreibung aus B\u00f6hmen und dem Leben danach.<\/p><\/div><\/a>","width":600,"height":338}