{"version":"1.0","type":"rich","provider_name":"OberpfalzECHO","provider_url":"https:\/\/oberpfalzecho.de","title":"Ehrungen bei der 7er-Kameradschaft in Weiden gefeiert","html":"<a href=\"https:\/\/oberpfalzecho.de\/menschen\/ehrungen-bei-der-7er-kameradschaft-in-weiden-gefeiert\" class=\"embed-preview\"><img src=\"https:\/\/redaktion.oberpfalzecho.de\/wp-content\/uploads\/2025\/01\/Ehrungen-bei-der-7er-Kameradschaft-in-Weiden-gefeiert-scaled.jpg\" alt=\"\"><div><strong>Ehrungen bei der 7er-Kameradschaft in Weiden gefeiert<\/strong><p>Weiden. Die 7er-Kameradschaft hielt ihre Jahreshauptversammlung mit vielen Ehrungen und R\u00fcckblicken auf das Vereinsjahr ab. Ehrungen f\u00fcr langj\u00e4hrige Mitgliedschaft und besondere Verdienste waren H\u00f6hepunkte.<\/p><\/div><\/a>","width":600,"height":338}