{"version":"1.0","type":"rich","provider_name":"OberpfalzECHO","provider_url":"https:\/\/oberpfalzecho.de","title":"F\u00f6rderst\u00e4tte plant dritte Autismus-Gruppe in Irchenrieth","html":"<a href=\"https:\/\/oberpfalzecho.de\/menschen\/foerderstaette-plant-dritte-autismus-gruppe-in-irchenrieth\" class=\"embed-preview\"><img src=\"https:\/\/redaktion.oberpfalzecho.de\/wp-content\/uploads\/2026\/04\/Foerderstaette-plant-dritte-Autismus-Gruppe-in-Irchenrieth-scaled.jpg\" alt=\"\"><div><strong>F\u00f6rderst\u00e4tte plant dritte Autismus-Gruppe in Irchenrieth<\/strong><p>Irchenrieth. Ab September erweitert das HPZ die F\u00f6rderst\u00e4tte um eine dritte Autismusgruppe. Beim Abschluss des Autismus-Monats k\u00fcndigte das Team mit Leiter Thomas Fritsch dies an, zu Gast: Bezirkstagsvizepr\u00e4sident Lothar H\u00f6her.<\/p><\/div><\/a>","width":600,"height":338}