{"version":"1.0","type":"rich","provider_name":"OberpfalzECHO","provider_url":"https:\/\/oberpfalzecho.de","title":"Hut ab vor diesen Ehrenamtlichen!","html":"<a href=\"https:\/\/oberpfalzecho.de\/menschen\/hut-ab-vor-diesen-ehrenamtlichen\" class=\"embed-preview\"><img src=\"https:\/\/redaktion.oberpfalzecho.de\/wp-content\/uploads\/2024\/03\/Ehrenamtliche-Weiden-Gruppenbild-scaled.jpg\" alt=\"\"><div><strong>Hut ab vor diesen Ehrenamtlichen!<\/strong><p>Weiden. Am Mittwoch ehrte Oberb\u00fcrgermeister Jens Meyer im Auftrag des Freistaats f\u00fcnf Weidener B\u00fcrger in Gegenwart von Ehreng\u00e4sten und Angeh\u00f6rigen.<\/p><\/div><\/a>","width":600,"height":338}