{"version":"1.0","type":"rich","provider_name":"OberpfalzECHO","provider_url":"https:\/\/oberpfalzecho.de","title":"Kommentar: Der Papst als Projektionsfl\u00e4che","html":"<a href=\"https:\/\/oberpfalzecho.de\/menschen\/kommentar-der-papst-als-projektionsflaeche\" class=\"embed-preview\"><img src=\"https:\/\/redaktion.oberpfalzecho.de\/wp-content\/uploads\/2025\/04\/Papst-Franziskus-Nachruf.ChatGPT-21042025-OE-06-scaled.jpg\" alt=\"\"><div><strong>Kommentar: Der Papst als Projektionsfl\u00e4che<\/strong><p>Regensburg\/Rom. Der Papst ist tot. Es lebe der Glaube! In der westlichen Welt ist Religion auf dem R\u00fcckzug. Das hinterl\u00e4sst L\u00fccken. Auch f\u00fcr Nichtgl\u00e4ubige. In einer Welt des Umbruchs, der Verunsicherung tut Orientierung Not.<\/p><\/div><\/a>","width":600,"height":338}