{"version":"1.0","type":"rich","provider_name":"OberpfalzECHO","provider_url":"https:\/\/oberpfalzecho.de","title":"Landespreis f\u00fcr Lilli Birich aus Parkstein","html":"<a href=\"https:\/\/oberpfalzecho.de\/menschen\/landespreis-fuer-lilli-birich-aus-parkstein\" class=\"embed-preview\"><img src=\"https:\/\/redaktion.oberpfalzecho.de\/wp-content\/uploads\/2025\/07\/MS_Ehrung_2025_Echo-scaled.jpg\" alt=\"\"><div><strong>Landespreis f\u00fcr Lilli Birich aus Parkstein<\/strong><p>Altenstadt\/WN. Der Sch\u00fclerin der Mittelschule Lilli Birich wurde der Landespreis in M\u00fcnchen \u00fcberreicht. <\/p><\/div><\/a>","width":600,"height":338}